{"id":7895,"date":"2024-12-03T13:53:09","date_gmt":"2024-12-03T12:53:09","guid":{"rendered":"https:\/\/www.espace-avendre.com\/?post_type=exhibition&#038;p=7895"},"modified":"2025-03-06T17:09:27","modified_gmt":"2025-03-06T16:09:27","slug":"leffet-de-surprise","status":"publish","type":"exhibition","link":"https:\/\/www.espace-avendre.com\/en\/exhibition\/leffet-de-surprise\/","title":{"rendered":"L&#8217;effet de surprise"},"content":{"rendered":"\n<p><em><strong>L&#8217;effet de surprise,<\/strong><\/em><br>10 d\u00e9cembre 2024 &#8211; 25 janvier 2025<br><br>Accrochage #4 <strong>samedi 11 janvier <\/strong>:<br><br>Accrochage #3 <strong>vendredi 20 d\u00e9cembre<\/strong>:<br><strong>Sarah Barthe, Karine Rougier et Jean-Luc Verna<\/strong><br><br>Accrochage #2<strong> vendredi 13<\/strong>  :<br><strong>Claire Dantzer, Camille Franch-Guerra et Milo Piras<\/strong><\/p>\n\n\n\n<p>Pour clore l\u2019ann\u00e9e et accompagner le d\u00e9but de 2025, l\u2019Espace \u00c0 Vendre vous invite \u00e0 d\u00e9couvrir <strong>&#8220;L\u2019effet de Surprise&#8221;<\/strong>, une exposition vibrante, \u00e9volutive et foisonnante. R\u00e9unissant des artistes qui ont marqu\u00e9 l\u2019histoire de la galerie, cet \u00e9v\u00e9nement est pens\u00e9 comme une c\u00e9l\u00e9bration de la diversit\u00e9 et de l\u2019inattendu dans l\u2019art contemporain.<\/p>\n\n\n\n<p><strong>&#8220;L\u2019effet de Surprise&#8221;<\/strong> met en avant une vaste s\u00e9lection d\u2019\u0153uvres, allant des petits et moyens formats aux \u00e9ditions limit\u00e9es, en passant par des s\u00e9rigraphies, des objets d\u2019art, et d\u2019autres formes singuli\u00e8res. Chaque pi\u00e8ce, qu\u2019elle soit ludique, audacieuse ou po\u00e9tique, est une invitation \u00e0 s\u2019immerger dans un univers artistique en constante \u00e9volution.<\/p>\n\n\n\n<p>La liste des artistes participants est d\u00e9j\u00e0 riche et inclut :<br><strong>&#8230;, Lo\u00efc Alsina, Arnus, Caroline Bach, Didier Balducci, Cecile Bicler, By Marcel, Eric Bourret, Beatrice Celli, Esmeralda Da Costa, Yannick Cosso, Claire Dantzer, Maxime Duveau, Quentin Euverte, Jean-Baptiste Ganne, Alice Gauthier, Camille Franch Guerra, Karim Ghelloussi, Tom Giampieri, Jeremy Griffaud, Julien Griffaud, Han Hoogerbrugge, A\u00efcha Hamu, Jean-Baptiste Janisset, Thierry Lagalla, Arnaud Maguet, C\u00e9line Marin, \u00a0 Milo Piras, Racca Vammerisse, Emmanuel R\u00e9gent, Omar Rodriguez-Sanmartin, Jean-Philippe Roubaud, Sabry Tchalgadjieff, C\u00e9dric Teisseire, Anna Tomaszewski, Valentine Trassy, Quentin Spohn, Claude Valenti, Jean-Luc Verna, Egl\u00e9 Vismant\u00e9&#8230;<\/strong> et bien d\u2019autres \u00e0 venir.<\/p>\n\n\n\n<p>A noter : cette liste n\u2019est pas fig\u00e9e. Elle continuera d\u2019\u00e9voluer jusqu\u2019au <strong>25 janvier<\/strong>, date de cl\u00f4ture de l\u2019exposition. Par ailleurs, l\u2019accrochage sera renouvel\u00e9 r\u00e9guli\u00e8rement, garantissant une exp\u00e9rience diff\u00e9rente \u00e0 chaque visite.<br><\/p>\n\n\n\n<p><\/p>\n","protected":false},"excerpt":{"rendered":"<p>L&#8217;effet de surprise,10 d\u00e9cembre 2024 &#8211; 25 janvier 2025 Accrochage #4 samedi 11 janvier : Accrochage #3 vendredi 20 d\u00e9cembre:Sarah Barthe, Karine Rougier et Jean-Luc Verna Accrochage #2 vendredi 13 :Claire Dantzer, Camille Franch-Guerra et Milo Piras Pour clore l\u2019ann\u00e9e et accompagner le d\u00e9but de 2025, l\u2019Espace \u00c0 Vendre vous invite \u00e0 d\u00e9couvrir &#8220;L\u2019effet de [&hellip;]<\/p>\n","protected":false},"author":3,"featured_media":7902,"comment_status":"closed","ping_status":"closed","template":"","categories":[],"tags":[],"class_list":["post-7895","exhibition","type-exhibition","status-publish","has-post-thumbnail","hentry"],"acf":[],"_links":{"self":[{"href":"https:\/\/www.espace-avendre.com\/en\/wp-json\/wp\/v2\/exhibition\/7895","targetHints":{"allow":["GET"]}}],"collection":[{"href":"https:\/\/www.espace-avendre.com\/en\/wp-json\/wp\/v2\/exhibition"}],"about":[{"href":"https:\/\/www.espace-avendre.com\/en\/wp-json\/wp\/v2\/types\/exhibition"}],"author":[{"embeddable":true,"href":"https:\/\/www.espace-avendre.com\/en\/wp-json\/wp\/v2\/users\/3"}],"replies":[{"embeddable":true,"href":"https:\/\/www.espace-avendre.com\/en\/wp-json\/wp\/v2\/comments?post=7895"}],"wp:featuredmedia":[{"embeddable":true,"href":"https:\/\/www.espace-avendre.com\/en\/wp-json\/wp\/v2\/media\/7902"}],"wp:attachment":[{"href":"https:\/\/www.espace-avendre.com\/en\/wp-json\/wp\/v2\/media?parent=7895"}],"wp:term":[{"taxonomy":"category","embeddable":true,"href":"https:\/\/www.espace-avendre.com\/en\/wp-json\/wp\/v2\/categories?post=7895"},{"taxonomy":"post_tag","embeddable":true,"href":"https:\/\/www.espace-avendre.com\/en\/wp-json\/wp\/v2\/tags?post=7895"}],"curies":[{"name":"wp","href":"https:\/\/api.w.org\/{rel}","templated":true}]}}