{"id":7685,"date":"2024-09-14T15:37:02","date_gmt":"2024-09-14T13:37:02","guid":{"rendered":"https:\/\/www.espace-avendre.com\/?post_type=exhibition&#038;p=7685"},"modified":"2024-12-03T18:07:49","modified_gmt":"2024-12-03T17:07:49","slug":"quentin-spohn-espace-to-arcadia","status":"publish","type":"exhibition","link":"https:\/\/www.espace-avendre.com\/en\/exhibition\/quentin-spohn-espace-to-arcadia\/","title":{"rendered":"Quentin Spohn, Escape from Arcadia"},"content":{"rendered":"\n<p>Prolongation jusqu&#8217;au 25 janvier 2025<br>Nouveau vernissage de la partie galerie et showroom avec l&#8217;exposition :<br><a href=\"https:\/\/www.espace-avendre.com\/exposition\/leffet-de-surprise\/\"><strong>L&#8217;effet de surprise<\/strong><\/a>, le samedi 7 d\u00e9cembre de 14h \u00e0 21h<br><br>Une exposition personnelle de <strong>Quentin Spohn<\/strong><br>Avec une collaboration sonore de <strong><a href=\"https:\/\/www.instagram.com\/nekradamage\/\" data-type=\"link\" data-id=\"https:\/\/www.instagram.com\/nekradamage\/\" target=\"_blank\" rel=\"noopener\">Manu NKDM<\/a><\/strong><\/p>\n\n\n\n<p>Face \u00e0 l\u2019engouement rencontr\u00e9 et aux nombreuses demandes de visites, l\u2019Espace \u00c0 Vendre a le plaisir d\u2019annoncer la <strong>prolongation de l\u2019exposition de Quentin Spohn<\/strong>. Cette troisi\u00e8me exposition personnelle de l\u2019artiste dans la galerie t\u00e9moigne de son lien fort avec la sc\u00e8ne artistique ni\u00e7oise et continue de captiver par son univers \u00e0 la fois onirique, critique et profond\u00e9ment fascinant.<\/p>\n\n\n\n<p>Les dessins au graphite de Spohn, d\u2019une pr\u00e9cision impressionnante, explorent avec brio les tensions entre l\u2019organique et l\u2019inorganique, entre l\u2019humain et la machine. Dans cette nouvelle s\u00e9rie, il m\u00eale absurde, po\u00e9sie et critique sociale, tout en jouant avec le hasard pour cr\u00e9er des compositions o\u00f9 chaque d\u00e9tail interpelle.<\/p>\n\n\n\n<p>L\u2019exposition offre \u00e9galement une opportunit\u00e9 unique de d\u00e9couvrir (ou red\u00e9couvrir) la <strong>chapelisation du Ch\u00e2teau<\/strong>, un espace remarquable transform\u00e9 pour l\u2019occasion. \u00c0 voir et \u00e0 revoir, ce lieu, devenu un \u00e9crin parfait pour les \u0153uvres de Spohn, amplifie l\u2019exp\u00e9rience immersive et l\u2019impact visuel des dessins.<\/p>\n\n\n\n<p><strong>&#8220;Escape from Arcadia&#8221;<\/strong>, soutenu par&nbsp;<a href=\"https:\/\/www.fondationdesartistes.fr\/\" target=\"_blank\" rel=\"noreferrer noopener\">La Fondation des Artistes<\/a>, continue d\u2019enchanter les visiteurs par son exploration d\u2019un imaginaire singulier o\u00f9 la mati\u00e8re devient langage, o\u00f9 chaque trait raconte une histoire.<\/p>\n\n\n\n<p>Ne manquez pas cette chance suppl\u00e9mentaire de plonger dans l\u2019univers fascinant de Quentin Spohn, entre po\u00e9sie graphique et critique subtile du monde contemporain.<br><strong><br><br>Prolongation jusqu&#8217;au 25 janvier 2025<\/strong> !<\/p>\n\n\n<div data-block-name=\"woocommerce\/product-tag\" data-columns=\"2\" data-tags=\"[]\" class=\"wc-block-grid wp-block-product-tag wp-block-woocommerce-product-tag wc-block-product-tag has-2-columns has-multiple-rows\"><ul class=\"wc-block-grid__products\"><li class=\"wc-block-grid__product\">\n\t\t\t\t<a href=\"https:\/\/www.espace-avendre.com\/en\/affiche-escape-to-arcadia-2024\/\" class=\"wc-block-grid__product-link\">\n\t\t\t\t\t\n\t\t\t\t\t<div class=\"wc-block-grid__product-image\"><img loading=\"lazy\" decoding=\"async\" width=\"300\" height=\"300\" src=\"https:\/\/www.espace-avendre.com\/wp-content\/uploads\/2024\/09\/affiche-quentin-spohn-2024-300x300.png\" class=\"attachment-woocommerce_thumbnail size-woocommerce_thumbnail\" alt=\"Affiche \u00ab Escape from Arcadia\u00a0\u00bb 2024\" srcset=\"https:\/\/www.espace-avendre.com\/wp-content\/uploads\/2024\/09\/affiche-quentin-spohn-2024-300x300.png 300w, https:\/\/www.espace-avendre.com\/wp-content\/uploads\/2024\/09\/affiche-quentin-spohn-2024-150x150.png 150w, https:\/\/www.espace-avendre.com\/wp-content\/uploads\/2024\/09\/affiche-quentin-spohn-2024-100x100.png 100w\" sizes=\"auto, (max-width: 300px) 100vw, 300px\" \/><\/div>\n\t\t\t\t\t<div class=\"wc-block-grid__product-title\">Affiche \u00ab Escape from Arcadia\u00a0\u00bb 2024<\/div>\n\t\t\t\t<\/a>\n\t\t\t\t<div class=\"wc-block-grid__product-price price\"><span class=\"woocommerce-Price-amount amount\">15,00<span class=\"woocommerce-Price-currencySymbol\">&euro;<\/span><\/span><\/div>\n\t\t\t\t\n\t\t\t\t<div class=\"wp-block-button wc-block-grid__product-add-to-cart\"><a href=\"\/en\/wp-json\/wp\/v2\/exhibition\/7685?add-to-cart=7841\" aria-label=\"Add to cart: &ldquo;Affiche \u00ab Escape from Arcadia\u00a0\u00bb 2024&rdquo;\" data-quantity=\"1\" data-product_id=\"7841\" data-product_sku=\"\" data-price=\"15\" rel=\"nofollow\" class=\"wp-block-button__link  add_to_cart_button ajax_add_to_cart\">Add to cart<\/a><\/div>\n\t\t\t<\/li><li class=\"wc-block-grid__product\">\n\t\t\t\t<a href=\"https:\/\/www.espace-avendre.com\/en\/affiche-moon-o-2-2024\/\" class=\"wc-block-grid__product-link\">\n\t\t\t\t\t\n\t\t\t\t\t<div class=\"wc-block-grid__product-image\"><img loading=\"lazy\" decoding=\"async\" width=\"300\" height=\"300\" src=\"https:\/\/www.espace-avendre.com\/wp-content\/uploads\/2024\/09\/affiche-super-issue-24-300x300.png\" class=\"attachment-woocommerce_thumbnail size-woocommerce_thumbnail\" alt=\"Affiche \u00ab MOON O))) 2\u00a0\u00bb 2024\" srcset=\"https:\/\/www.espace-avendre.com\/wp-content\/uploads\/2024\/09\/affiche-super-issue-24-300x300.png 300w, https:\/\/www.espace-avendre.com\/wp-content\/uploads\/2024\/09\/affiche-super-issue-24-150x150.png 150w, https:\/\/www.espace-avendre.com\/wp-content\/uploads\/2024\/09\/affiche-super-issue-24-100x100.png 100w\" sizes=\"auto, (max-width: 300px) 100vw, 300px\" \/><\/div>\n\t\t\t\t\t<div class=\"wc-block-grid__product-title\">Affiche \u00ab MOON O))) 2\u00a0\u00bb 2024<\/div>\n\t\t\t\t<\/a>\n\t\t\t\t<div class=\"wc-block-grid__product-price price\"><span class=\"woocommerce-Price-amount amount\">15,00<span class=\"woocommerce-Price-currencySymbol\">&euro;<\/span><\/span><\/div>\n\t\t\t\t\n\t\t\t\t<div class=\"wp-block-button wc-block-grid__product-add-to-cart\"><a href=\"\/en\/wp-json\/wp\/v2\/exhibition\/7685?add-to-cart=7836\" aria-label=\"Add to cart: &ldquo;Affiche \u00ab MOON O))) 2\u00a0\u00bb 2024&rdquo;\" data-quantity=\"1\" data-product_id=\"7836\" data-product_sku=\"\" data-price=\"15\" rel=\"nofollow\" class=\"wp-block-button__link  add_to_cart_button ajax_add_to_cart\">Add to cart<\/a><\/div>\n\t\t\t<\/li><li class=\"wc-block-grid__product\">\n\t\t\t\t<a href=\"https:\/\/www.espace-avendre.com\/en\/affiche-romain-ravera-2024\/\" class=\"wc-block-grid__product-link\">\n\t\t\t\t\t\n\t\t\t\t\t<div class=\"wc-block-grid__product-image\"><img loading=\"lazy\" decoding=\"async\" width=\"300\" height=\"300\" src=\"https:\/\/www.espace-avendre.com\/wp-content\/uploads\/2024\/09\/Romain-Ravera-affiche-2024-300x300.png\" class=\"attachment-woocommerce_thumbnail size-woocommerce_thumbnail\" alt=\"Affiche \u00ab Romain Ravera\u00a0\u00bb 2024\" srcset=\"https:\/\/www.espace-avendre.com\/wp-content\/uploads\/2024\/09\/Romain-Ravera-affiche-2024-300x300.png 300w, https:\/\/www.espace-avendre.com\/wp-content\/uploads\/2024\/09\/Romain-Ravera-affiche-2024-150x150.png 150w, https:\/\/www.espace-avendre.com\/wp-content\/uploads\/2024\/09\/Romain-Ravera-affiche-2024-100x100.png 100w\" sizes=\"auto, (max-width: 300px) 100vw, 300px\" \/><\/div>\n\t\t\t\t\t<div class=\"wc-block-grid__product-title\">Affiche \u00ab Romain Ravera\u00a0\u00bb 2024<\/div>\n\t\t\t\t<\/a>\n\t\t\t\t<div class=\"wc-block-grid__product-price price\"><span class=\"woocommerce-Price-amount amount\">15,00<span class=\"woocommerce-Price-currencySymbol\">&euro;<\/span><\/span><\/div>\n\t\t\t\t\n\t\t\t\t<div class=\"wp-block-button wc-block-grid__product-add-to-cart\"><a href=\"\/en\/wp-json\/wp\/v2\/exhibition\/7685?add-to-cart=7830\" aria-label=\"Add to cart: &ldquo;Affiche \u00ab Romain Ravera\u00a0\u00bb 2024&rdquo;\" data-quantity=\"1\" data-product_id=\"7830\" data-product_sku=\"\" data-price=\"15\" rel=\"nofollow\" class=\"wp-block-button__link  add_to_cart_button ajax_add_to_cart\">Add to cart<\/a><\/div>\n\t\t\t<\/li><li class=\"wc-block-grid__product\">\n\t\t\t\t<a href=\"https:\/\/www.espace-avendre.com\/en\/affiche-pieces-detachees-2024\/\" class=\"wc-block-grid__product-link\">\n\t\t\t\t\t\n\t\t\t\t\t<div class=\"wc-block-grid__product-image\"><img loading=\"lazy\" decoding=\"async\" width=\"300\" height=\"300\" src=\"https:\/\/www.espace-avendre.com\/wp-content\/uploads\/2024\/06\/s_affiche-teisseire-finale-1-300x300.jpg\" class=\"attachment-woocommerce_thumbnail size-woocommerce_thumbnail\" alt=\"Affiche \u00ab Pi\u00e8ces d\u00e9tach\u00e9es\u00a0\u00bb 2024\" srcset=\"https:\/\/www.espace-avendre.com\/wp-content\/uploads\/2024\/06\/s_affiche-teisseire-finale-1-300x300.jpg 300w, https:\/\/www.espace-avendre.com\/wp-content\/uploads\/2024\/06\/s_affiche-teisseire-finale-1-150x150.jpg 150w, https:\/\/www.espace-avendre.com\/wp-content\/uploads\/2024\/06\/s_affiche-teisseire-finale-1-100x100.jpg 100w\" sizes=\"auto, (max-width: 300px) 100vw, 300px\" \/><\/div>\n\t\t\t\t\t<div class=\"wc-block-grid__product-title\">Affiche \u00ab Pi\u00e8ces d\u00e9tach\u00e9es\u00a0\u00bb 2024<\/div>\n\t\t\t\t<\/a>\n\t\t\t\t<div class=\"wc-block-grid__product-price price\"><span class=\"woocommerce-Price-amount amount\">15,00<span class=\"woocommerce-Price-currencySymbol\">&euro;<\/span><\/span><\/div>\n\t\t\t\t\n\t\t\t\t<div class=\"wp-block-button wc-block-grid__product-add-to-cart\"><a href=\"\/en\/wp-json\/wp\/v2\/exhibition\/7685?add-to-cart=7829\" aria-label=\"Add to cart: &ldquo;Affiche \u00ab Pi\u00e8ces d\u00e9tach\u00e9es\u00a0\u00bb 2024&rdquo;\" data-quantity=\"1\" data-product_id=\"7829\" data-product_sku=\"\" data-price=\"15\" rel=\"nofollow\" class=\"wp-block-button__link  add_to_cart_button ajax_add_to_cart\">Add to cart<\/a><\/div>\n\t\t\t<\/li><li class=\"wc-block-grid__product\">\n\t\t\t\t<a href=\"https:\/\/www.espace-avendre.com\/en\/affiche-20-ans-dart-a-nice-1980-2000-le-temoin-jean-marc-pharisien-2024\/\" class=\"wc-block-grid__product-link\">\n\t\t\t\t\t\n\t\t\t\t\t<div class=\"wc-block-grid__product-image\"><img loading=\"lazy\" decoding=\"async\" width=\"300\" height=\"300\" src=\"https:\/\/www.espace-avendre.com\/wp-content\/uploads\/2024\/09\/affiche-Jean-Marc-Pharisien-2024-300x300.png\" class=\"attachment-woocommerce_thumbnail size-woocommerce_thumbnail\" alt=\"Affiche \u00ab 20 ans d\u2019art \u00e0 Nice, 1980 \u2013 2000, Le t\u00e9moin : Jean-Marc Pharisien\u00a0\u00bb 2024\" srcset=\"https:\/\/www.espace-avendre.com\/wp-content\/uploads\/2024\/09\/affiche-Jean-Marc-Pharisien-2024-300x300.png 300w, https:\/\/www.espace-avendre.com\/wp-content\/uploads\/2024\/09\/affiche-Jean-Marc-Pharisien-2024-150x150.png 150w, https:\/\/www.espace-avendre.com\/wp-content\/uploads\/2024\/09\/affiche-Jean-Marc-Pharisien-2024-100x100.png 100w\" sizes=\"auto, (max-width: 300px) 100vw, 300px\" \/><\/div>\n\t\t\t\t\t<div class=\"wc-block-grid__product-title\">Affiche \u00ab 20 ans d\u2019art \u00e0 Nice, 1980 \u2013 2000, Le t\u00e9moin : Jean-Marc Pharisien\u00a0\u00bb 2024<\/div>\n\t\t\t\t<\/a>\n\t\t\t\t<div class=\"wc-block-grid__product-price price\"><span class=\"woocommerce-Price-amount amount\">15,00<span class=\"woocommerce-Price-currencySymbol\">&euro;<\/span><\/span><\/div>\n\t\t\t\t\n\t\t\t\t<div class=\"wp-block-button wc-block-grid__product-add-to-cart\"><a href=\"\/en\/wp-json\/wp\/v2\/exhibition\/7685?add-to-cart=7826\" aria-label=\"Add to cart: &ldquo;Affiche \u00ab 20 ans d\u2019art \u00e0 Nice, 1980 \u2013 2000, Le t\u00e9moin : Jean-Marc Pharisien\u00a0\u00bb 2024&rdquo;\" data-quantity=\"1\" data-product_id=\"7826\" data-product_sku=\"\" data-price=\"15\" rel=\"nofollow\" class=\"wp-block-button__link  add_to_cart_button ajax_add_to_cart\">Add to cart<\/a><\/div>\n\t\t\t<\/li><li class=\"wc-block-grid__product\">\n\t\t\t\t<a href=\"https:\/\/www.espace-avendre.com\/en\/affiche-la-tentation-de-lequilibre-2024\/\" class=\"wc-block-grid__product-link\">\n\t\t\t\t\t\n\t\t\t\t\t<div class=\"wc-block-grid__product-image\"><img loading=\"lazy\" decoding=\"async\" width=\"300\" height=\"300\" src=\"https:\/\/www.espace-avendre.com\/wp-content\/uploads\/2024\/09\/affiche-JPRV-300x300.jpg\" class=\"attachment-woocommerce_thumbnail size-woocommerce_thumbnail\" alt=\"Affiche \u00ab La tentation de l\u2019\u00e9quilibre\u00a0\u00bb 2024\" srcset=\"https:\/\/www.espace-avendre.com\/wp-content\/uploads\/2024\/09\/affiche-JPRV-300x300.jpg 300w, https:\/\/www.espace-avendre.com\/wp-content\/uploads\/2024\/09\/affiche-JPRV-150x150.jpg 150w, https:\/\/www.espace-avendre.com\/wp-content\/uploads\/2024\/09\/affiche-JPRV-100x100.jpg 100w\" sizes=\"auto, (max-width: 300px) 100vw, 300px\" \/><\/div>\n\t\t\t\t\t<div class=\"wc-block-grid__product-title\">Affiche \u00ab La tentation de l\u2019\u00e9quilibre\u00a0\u00bb 2024<\/div>\n\t\t\t\t<\/a>\n\t\t\t\t<div class=\"wc-block-grid__product-price price\"><span class=\"woocommerce-Price-amount amount\">12,00<span class=\"woocommerce-Price-currencySymbol\">&euro;<\/span><\/span><\/div>\n\t\t\t\t\n\t\t\t\t<div class=\"wp-block-button wc-block-grid__product-add-to-cart\"><a href=\"\/en\/wp-json\/wp\/v2\/exhibition\/7685?add-to-cart=7822\" aria-label=\"Add to cart: &ldquo;Affiche \u00ab La tentation de l\u2019\u00e9quilibre\u00a0\u00bb 2024&rdquo;\" data-quantity=\"1\" data-product_id=\"7822\" data-product_sku=\"\" data-price=\"12\" rel=\"nofollow\" class=\"wp-block-button__link  add_to_cart_button ajax_add_to_cart\">Add to cart<\/a><\/div>\n\t\t\t<\/li><\/ul><\/div>","protected":false},"excerpt":{"rendered":"<p>Prolongation jusqu&#8217;au 25 janvier 2025Nouveau vernissage de la partie galerie et showroom avec l&#8217;exposition :L&#8217;effet de surprise, le samedi 7 d\u00e9cembre de 14h \u00e0 21h Une exposition personnelle de Quentin SpohnAvec une collaboration sonore de Manu NKDM Face \u00e0 l\u2019engouement rencontr\u00e9 et aux nombreuses demandes de visites, l\u2019Espace \u00c0 Vendre a le plaisir d\u2019annoncer la [&hellip;]<\/p>\n","protected":false},"author":6,"featured_media":7892,"comment_status":"closed","ping_status":"closed","template":"","categories":[],"tags":[],"class_list":["post-7685","exhibition","type-exhibition","status-publish","has-post-thumbnail","hentry"],"acf":[],"_links":{"self":[{"href":"https:\/\/www.espace-avendre.com\/en\/wp-json\/wp\/v2\/exhibition\/7685","targetHints":{"allow":["GET"]}}],"collection":[{"href":"https:\/\/www.espace-avendre.com\/en\/wp-json\/wp\/v2\/exhibition"}],"about":[{"href":"https:\/\/www.espace-avendre.com\/en\/wp-json\/wp\/v2\/types\/exhibition"}],"author":[{"embeddable":true,"href":"https:\/\/www.espace-avendre.com\/en\/wp-json\/wp\/v2\/users\/6"}],"replies":[{"embeddable":true,"href":"https:\/\/www.espace-avendre.com\/en\/wp-json\/wp\/v2\/comments?post=7685"}],"wp:featuredmedia":[{"embeddable":true,"href":"https:\/\/www.espace-avendre.com\/en\/wp-json\/wp\/v2\/media\/7892"}],"wp:attachment":[{"href":"https:\/\/www.espace-avendre.com\/en\/wp-json\/wp\/v2\/media?parent=7685"}],"wp:term":[{"taxonomy":"category","embeddable":true,"href":"https:\/\/www.espace-avendre.com\/en\/wp-json\/wp\/v2\/categories?post=7685"},{"taxonomy":"post_tag","embeddable":true,"href":"https:\/\/www.espace-avendre.com\/en\/wp-json\/wp\/v2\/tags?post=7685"}],"curies":[{"name":"wp","href":"https:\/\/api.w.org\/{rel}","templated":true}]}}