{"id":7573,"date":"2024-04-19T17:45:42","date_gmt":"2024-04-19T15:45:42","guid":{"rendered":"https:\/\/www.espace-avendre.com\/?post_type=exhibition&#038;p=7573"},"modified":"2024-09-24T16:28:14","modified_gmt":"2024-09-24T14:28:14","slug":"20-ans-dart-a-nice-1980-2000","status":"publish","type":"exhibition","link":"https:\/\/www.espace-avendre.com\/en\/exhibition\/20-ans-dart-a-nice-1980-2000\/","title":{"rendered":"20 ans d\u2019art \u00e0 Nice, 1980 &#8211; 2000, Le t\u00e9moin : Jean-Marc Pharisien"},"content":{"rendered":"\n<p>04 mai \u2022 15 juin 2024<\/p>\n\n\n\n<p>\u00c0 Nice, on a coutume d\u2019associer <strong>Jean-Marc Pharisien \u00e0 Helmut Newton<\/strong>. Le premier qui fut, durant plus de 25 ans, le r\u00e9v\u00e9lateur des images du second, n\u2019a eu de cesse de travailler le noir, le blanc, le proc\u00e9d\u00e9. Mais cela serait r\u00e9sumer son histoire \u00e0 celle d\u2019assistant, dans l\u2019ombre du ma\u00eetre. Car loin d\u2019\u00eatre une petite main au savoir-faire hors-pair, Jean-Marc Pharisien est un preneur d\u2019images depuis toujours. Int\u00e9ress\u00e9 tant par les \u201cpionniers de l\u2019aventure photo\u201d (il s\u2019est gliss\u00e9 dans leur peau en marchant sur les traces, entre autres, de Gustave Le Gray ou Edouard Baldus), que par la documentation de ceux qui l\u2019entouraient, il n\u2019a jamais cess\u00e9 de photographier.<\/p>\n\n\n\n<p><br>\u00c0 l\u2019occasion <strong>des 20 ans de l\u2019Espace \u00e0 vendre<\/strong>, c\u2019est cette fois sur les traces de <strong>Jean-Marc Pharisien<\/strong> que nous vous proposons de marcher. De <strong>C\u00e9sar \u00e0 Ben<\/strong>, <strong>de la Villa Arson \u00e0 la plage des Ponchettes<\/strong>, d\u2019interviews en performances, c\u2019est tout un pan d\u2019\u00e9v\u00e9nements artistiques \u00e0 Nice pass\u00e9s sous son \u0153il, qui sont r\u00e9v\u00e9l\u00e9s \u00e0 la mani\u00e8re de planches contact. Environ deux d\u00e9cennies d\u2019une histoire collective et commune \u2014 dont vous faites partie \u2014 vous sont propos\u00e9es dans la galerie d\u2019Espace \u00e0 vendre durant ce printemps.<br>Commissariat : Julie Hiet et Bertrand Baraudou<\/p>\n\n\n<div data-block-name=\"woocommerce\/product-tag\" data-columns=\"2\" data-tags=\"[]\" class=\"wc-block-grid wp-block-product-tag wp-block-woocommerce-product-tag wc-block-product-tag has-2-columns has-multiple-rows\"><ul class=\"wc-block-grid__products\"><li class=\"wc-block-grid__product\">\n\t\t\t\t<a href=\"https:\/\/www.espace-avendre.com\/en\/affiche-escape-to-arcadia-2024\/\" class=\"wc-block-grid__product-link\">\n\t\t\t\t\t\n\t\t\t\t\t<div class=\"wc-block-grid__product-image\"><img loading=\"lazy\" decoding=\"async\" width=\"300\" height=\"300\" src=\"https:\/\/www.espace-avendre.com\/wp-content\/uploads\/2024\/09\/affiche-quentin-spohn-2024-300x300.png\" class=\"attachment-woocommerce_thumbnail size-woocommerce_thumbnail\" alt=\"Affiche \u00ab Escape from Arcadia\u00a0\u00bb 2024\" srcset=\"https:\/\/www.espace-avendre.com\/wp-content\/uploads\/2024\/09\/affiche-quentin-spohn-2024-300x300.png 300w, https:\/\/www.espace-avendre.com\/wp-content\/uploads\/2024\/09\/affiche-quentin-spohn-2024-150x150.png 150w, https:\/\/www.espace-avendre.com\/wp-content\/uploads\/2024\/09\/affiche-quentin-spohn-2024-100x100.png 100w\" sizes=\"auto, (max-width: 300px) 100vw, 300px\" \/><\/div>\n\t\t\t\t\t<div class=\"wc-block-grid__product-title\">Affiche \u00ab Escape from Arcadia\u00a0\u00bb 2024<\/div>\n\t\t\t\t<\/a>\n\t\t\t\t<div class=\"wc-block-grid__product-price price\"><span class=\"woocommerce-Price-amount amount\">15,00<span class=\"woocommerce-Price-currencySymbol\">&euro;<\/span><\/span><\/div>\n\t\t\t\t\n\t\t\t\t<div class=\"wp-block-button wc-block-grid__product-add-to-cart\"><a href=\"\/en\/wp-json\/wp\/v2\/exhibition\/7573?add-to-cart=7841\" aria-label=\"Add to cart: &ldquo;Affiche \u00ab Escape from Arcadia\u00a0\u00bb 2024&rdquo;\" data-quantity=\"1\" data-product_id=\"7841\" data-product_sku=\"\" data-price=\"15\" rel=\"nofollow\" class=\"wp-block-button__link  add_to_cart_button ajax_add_to_cart\">Add to cart<\/a><\/div>\n\t\t\t<\/li><li class=\"wc-block-grid__product\">\n\t\t\t\t<a href=\"https:\/\/www.espace-avendre.com\/en\/affiche-moon-o-2-2024\/\" class=\"wc-block-grid__product-link\">\n\t\t\t\t\t\n\t\t\t\t\t<div class=\"wc-block-grid__product-image\"><img loading=\"lazy\" decoding=\"async\" width=\"300\" height=\"300\" src=\"https:\/\/www.espace-avendre.com\/wp-content\/uploads\/2024\/09\/affiche-super-issue-24-300x300.png\" class=\"attachment-woocommerce_thumbnail size-woocommerce_thumbnail\" alt=\"Affiche \u00ab MOON O))) 2\u00a0\u00bb 2024\" srcset=\"https:\/\/www.espace-avendre.com\/wp-content\/uploads\/2024\/09\/affiche-super-issue-24-300x300.png 300w, https:\/\/www.espace-avendre.com\/wp-content\/uploads\/2024\/09\/affiche-super-issue-24-150x150.png 150w, https:\/\/www.espace-avendre.com\/wp-content\/uploads\/2024\/09\/affiche-super-issue-24-100x100.png 100w\" sizes=\"auto, (max-width: 300px) 100vw, 300px\" \/><\/div>\n\t\t\t\t\t<div class=\"wc-block-grid__product-title\">Affiche \u00ab MOON O))) 2\u00a0\u00bb 2024<\/div>\n\t\t\t\t<\/a>\n\t\t\t\t<div class=\"wc-block-grid__product-price price\"><span class=\"woocommerce-Price-amount amount\">15,00<span class=\"woocommerce-Price-currencySymbol\">&euro;<\/span><\/span><\/div>\n\t\t\t\t\n\t\t\t\t<div class=\"wp-block-button wc-block-grid__product-add-to-cart\"><a href=\"\/en\/wp-json\/wp\/v2\/exhibition\/7573?add-to-cart=7836\" aria-label=\"Add to cart: &ldquo;Affiche \u00ab MOON O))) 2\u00a0\u00bb 2024&rdquo;\" data-quantity=\"1\" data-product_id=\"7836\" data-product_sku=\"\" data-price=\"15\" rel=\"nofollow\" class=\"wp-block-button__link  add_to_cart_button ajax_add_to_cart\">Add to cart<\/a><\/div>\n\t\t\t<\/li><li class=\"wc-block-grid__product\">\n\t\t\t\t<a href=\"https:\/\/www.espace-avendre.com\/en\/affiche-romain-ravera-2024\/\" class=\"wc-block-grid__product-link\">\n\t\t\t\t\t\n\t\t\t\t\t<div class=\"wc-block-grid__product-image\"><img loading=\"lazy\" decoding=\"async\" width=\"300\" height=\"300\" src=\"https:\/\/www.espace-avendre.com\/wp-content\/uploads\/2024\/09\/Romain-Ravera-affiche-2024-300x300.png\" class=\"attachment-woocommerce_thumbnail size-woocommerce_thumbnail\" alt=\"Affiche \u00ab Romain Ravera\u00a0\u00bb 2024\" srcset=\"https:\/\/www.espace-avendre.com\/wp-content\/uploads\/2024\/09\/Romain-Ravera-affiche-2024-300x300.png 300w, https:\/\/www.espace-avendre.com\/wp-content\/uploads\/2024\/09\/Romain-Ravera-affiche-2024-150x150.png 150w, https:\/\/www.espace-avendre.com\/wp-content\/uploads\/2024\/09\/Romain-Ravera-affiche-2024-100x100.png 100w\" sizes=\"auto, (max-width: 300px) 100vw, 300px\" \/><\/div>\n\t\t\t\t\t<div class=\"wc-block-grid__product-title\">Affiche \u00ab Romain Ravera\u00a0\u00bb 2024<\/div>\n\t\t\t\t<\/a>\n\t\t\t\t<div class=\"wc-block-grid__product-price price\"><span class=\"woocommerce-Price-amount amount\">15,00<span class=\"woocommerce-Price-currencySymbol\">&euro;<\/span><\/span><\/div>\n\t\t\t\t\n\t\t\t\t<div class=\"wp-block-button wc-block-grid__product-add-to-cart\"><a href=\"\/en\/wp-json\/wp\/v2\/exhibition\/7573?add-to-cart=7830\" aria-label=\"Add to cart: &ldquo;Affiche \u00ab Romain Ravera\u00a0\u00bb 2024&rdquo;\" data-quantity=\"1\" data-product_id=\"7830\" data-product_sku=\"\" data-price=\"15\" rel=\"nofollow\" class=\"wp-block-button__link  add_to_cart_button ajax_add_to_cart\">Add to cart<\/a><\/div>\n\t\t\t<\/li><li class=\"wc-block-grid__product\">\n\t\t\t\t<a href=\"https:\/\/www.espace-avendre.com\/en\/affiche-pieces-detachees-2024\/\" class=\"wc-block-grid__product-link\">\n\t\t\t\t\t\n\t\t\t\t\t<div class=\"wc-block-grid__product-image\"><img loading=\"lazy\" decoding=\"async\" width=\"300\" height=\"300\" src=\"https:\/\/www.espace-avendre.com\/wp-content\/uploads\/2024\/06\/s_affiche-teisseire-finale-1-300x300.jpg\" class=\"attachment-woocommerce_thumbnail size-woocommerce_thumbnail\" alt=\"Affiche \u00ab Pi\u00e8ces d\u00e9tach\u00e9es\u00a0\u00bb 2024\" srcset=\"https:\/\/www.espace-avendre.com\/wp-content\/uploads\/2024\/06\/s_affiche-teisseire-finale-1-300x300.jpg 300w, https:\/\/www.espace-avendre.com\/wp-content\/uploads\/2024\/06\/s_affiche-teisseire-finale-1-150x150.jpg 150w, https:\/\/www.espace-avendre.com\/wp-content\/uploads\/2024\/06\/s_affiche-teisseire-finale-1-100x100.jpg 100w\" sizes=\"auto, (max-width: 300px) 100vw, 300px\" \/><\/div>\n\t\t\t\t\t<div class=\"wc-block-grid__product-title\">Affiche \u00ab Pi\u00e8ces d\u00e9tach\u00e9es\u00a0\u00bb 2024<\/div>\n\t\t\t\t<\/a>\n\t\t\t\t<div class=\"wc-block-grid__product-price price\"><span class=\"woocommerce-Price-amount amount\">15,00<span class=\"woocommerce-Price-currencySymbol\">&euro;<\/span><\/span><\/div>\n\t\t\t\t\n\t\t\t\t<div class=\"wp-block-button wc-block-grid__product-add-to-cart\"><a href=\"\/en\/wp-json\/wp\/v2\/exhibition\/7573?add-to-cart=7829\" aria-label=\"Add to cart: &ldquo;Affiche \u00ab Pi\u00e8ces d\u00e9tach\u00e9es\u00a0\u00bb 2024&rdquo;\" data-quantity=\"1\" data-product_id=\"7829\" data-product_sku=\"\" data-price=\"15\" rel=\"nofollow\" class=\"wp-block-button__link  add_to_cart_button ajax_add_to_cart\">Add to cart<\/a><\/div>\n\t\t\t<\/li><li class=\"wc-block-grid__product\">\n\t\t\t\t<a href=\"https:\/\/www.espace-avendre.com\/en\/affiche-20-ans-dart-a-nice-1980-2000-le-temoin-jean-marc-pharisien-2024\/\" class=\"wc-block-grid__product-link\">\n\t\t\t\t\t\n\t\t\t\t\t<div class=\"wc-block-grid__product-image\"><img loading=\"lazy\" decoding=\"async\" width=\"300\" height=\"300\" src=\"https:\/\/www.espace-avendre.com\/wp-content\/uploads\/2024\/09\/affiche-Jean-Marc-Pharisien-2024-300x300.png\" class=\"attachment-woocommerce_thumbnail size-woocommerce_thumbnail\" alt=\"Affiche \u00ab 20 ans d\u2019art \u00e0 Nice, 1980 \u2013 2000, Le t\u00e9moin : Jean-Marc Pharisien\u00a0\u00bb 2024\" srcset=\"https:\/\/www.espace-avendre.com\/wp-content\/uploads\/2024\/09\/affiche-Jean-Marc-Pharisien-2024-300x300.png 300w, https:\/\/www.espace-avendre.com\/wp-content\/uploads\/2024\/09\/affiche-Jean-Marc-Pharisien-2024-150x150.png 150w, https:\/\/www.espace-avendre.com\/wp-content\/uploads\/2024\/09\/affiche-Jean-Marc-Pharisien-2024-100x100.png 100w\" sizes=\"auto, (max-width: 300px) 100vw, 300px\" \/><\/div>\n\t\t\t\t\t<div class=\"wc-block-grid__product-title\">Affiche \u00ab 20 ans d\u2019art \u00e0 Nice, 1980 \u2013 2000, Le t\u00e9moin : Jean-Marc Pharisien\u00a0\u00bb 2024<\/div>\n\t\t\t\t<\/a>\n\t\t\t\t<div class=\"wc-block-grid__product-price price\"><span class=\"woocommerce-Price-amount amount\">15,00<span class=\"woocommerce-Price-currencySymbol\">&euro;<\/span><\/span><\/div>\n\t\t\t\t\n\t\t\t\t<div class=\"wp-block-button wc-block-grid__product-add-to-cart\"><a href=\"\/en\/wp-json\/wp\/v2\/exhibition\/7573?add-to-cart=7826\" aria-label=\"Add to cart: &ldquo;Affiche \u00ab 20 ans d\u2019art \u00e0 Nice, 1980 \u2013 2000, Le t\u00e9moin : Jean-Marc Pharisien\u00a0\u00bb 2024&rdquo;\" data-quantity=\"1\" data-product_id=\"7826\" data-product_sku=\"\" data-price=\"15\" rel=\"nofollow\" class=\"wp-block-button__link  add_to_cart_button ajax_add_to_cart\">Add to cart<\/a><\/div>\n\t\t\t<\/li><li class=\"wc-block-grid__product\">\n\t\t\t\t<a href=\"https:\/\/www.espace-avendre.com\/en\/affiche-la-tentation-de-lequilibre-2024\/\" class=\"wc-block-grid__product-link\">\n\t\t\t\t\t\n\t\t\t\t\t<div class=\"wc-block-grid__product-image\"><img loading=\"lazy\" decoding=\"async\" width=\"300\" height=\"300\" src=\"https:\/\/www.espace-avendre.com\/wp-content\/uploads\/2024\/09\/affiche-JPRV-300x300.jpg\" class=\"attachment-woocommerce_thumbnail size-woocommerce_thumbnail\" alt=\"Affiche \u00ab La tentation de l\u2019\u00e9quilibre\u00a0\u00bb 2024\" srcset=\"https:\/\/www.espace-avendre.com\/wp-content\/uploads\/2024\/09\/affiche-JPRV-300x300.jpg 300w, https:\/\/www.espace-avendre.com\/wp-content\/uploads\/2024\/09\/affiche-JPRV-150x150.jpg 150w, https:\/\/www.espace-avendre.com\/wp-content\/uploads\/2024\/09\/affiche-JPRV-100x100.jpg 100w\" sizes=\"auto, (max-width: 300px) 100vw, 300px\" \/><\/div>\n\t\t\t\t\t<div class=\"wc-block-grid__product-title\">Affiche \u00ab La tentation de l\u2019\u00e9quilibre\u00a0\u00bb 2024<\/div>\n\t\t\t\t<\/a>\n\t\t\t\t<div class=\"wc-block-grid__product-price price\"><span class=\"woocommerce-Price-amount amount\">12,00<span class=\"woocommerce-Price-currencySymbol\">&euro;<\/span><\/span><\/div>\n\t\t\t\t\n\t\t\t\t<div class=\"wp-block-button wc-block-grid__product-add-to-cart\"><a href=\"\/en\/wp-json\/wp\/v2\/exhibition\/7573?add-to-cart=7822\" aria-label=\"Add to cart: &ldquo;Affiche \u00ab La tentation de l\u2019\u00e9quilibre\u00a0\u00bb 2024&rdquo;\" data-quantity=\"1\" data-product_id=\"7822\" data-product_sku=\"\" data-price=\"12\" rel=\"nofollow\" class=\"wp-block-button__link  add_to_cart_button ajax_add_to_cart\">Add to cart<\/a><\/div>\n\t\t\t<\/li><\/ul><\/div>","protected":false},"excerpt":{"rendered":"<p>04 mai \u2022 15 juin 2024 \u00c0 Nice, on a coutume d\u2019associer Jean-Marc Pharisien \u00e0 Helmut Newton. Le premier qui fut, durant plus de 25 ans, le r\u00e9v\u00e9lateur des images du second, n\u2019a eu de cesse de travailler le noir, le blanc, le proc\u00e9d\u00e9. Mais cela serait r\u00e9sumer son histoire \u00e0 celle d\u2019assistant, dans l\u2019ombre [&hellip;]<\/p>\n","protected":false},"author":3,"featured_media":7574,"comment_status":"closed","ping_status":"closed","template":"","categories":[],"tags":[],"class_list":["post-7573","exhibition","type-exhibition","status-publish","has-post-thumbnail","hentry"],"acf":[],"_links":{"self":[{"href":"https:\/\/www.espace-avendre.com\/en\/wp-json\/wp\/v2\/exhibition\/7573","targetHints":{"allow":["GET"]}}],"collection":[{"href":"https:\/\/www.espace-avendre.com\/en\/wp-json\/wp\/v2\/exhibition"}],"about":[{"href":"https:\/\/www.espace-avendre.com\/en\/wp-json\/wp\/v2\/types\/exhibition"}],"author":[{"embeddable":true,"href":"https:\/\/www.espace-avendre.com\/en\/wp-json\/wp\/v2\/users\/3"}],"replies":[{"embeddable":true,"href":"https:\/\/www.espace-avendre.com\/en\/wp-json\/wp\/v2\/comments?post=7573"}],"wp:featuredmedia":[{"embeddable":true,"href":"https:\/\/www.espace-avendre.com\/en\/wp-json\/wp\/v2\/media\/7574"}],"wp:attachment":[{"href":"https:\/\/www.espace-avendre.com\/en\/wp-json\/wp\/v2\/media?parent=7573"}],"wp:term":[{"taxonomy":"category","embeddable":true,"href":"https:\/\/www.espace-avendre.com\/en\/wp-json\/wp\/v2\/categories?post=7573"},{"taxonomy":"post_tag","embeddable":true,"href":"https:\/\/www.espace-avendre.com\/en\/wp-json\/wp\/v2\/tags?post=7573"}],"curies":[{"name":"wp","href":"https:\/\/api.w.org\/{rel}","templated":true}]}}