{"id":258,"date":"2015-09-18T00:00:00","date_gmt":"2015-09-17T22:00:00","guid":{"rendered":"https:\/\/www.espace-avendre.com\/exhibition\/lesperienca-plata-the-flat-experience\/"},"modified":"2021-09-28T08:28:00","modified_gmt":"2021-09-28T06:28:00","slug":"lesperienca-plata-the-flat-experience","status":"publish","type":"exhibition","link":"https:\/\/www.espace-avendre.com\/en\/exhibition\/lesperienca-plata-the-flat-experience\/","title":{"rendered":"Thierry Lagalla &#8211; L\u2019Esperien\u00e7a plata (The Flat Experience)"},"content":{"rendered":"<p>Pour sa cinqui\u00e8me exposition personnelle \u00e0 l\u2019<a href=\"_wp_link_placeholder\" data-wplink-edit=\"true\">Espace \u00e0 Vendre<\/a>, <strong>Lagalla<\/strong> nous convie \u00e0 l\u2019<em>Esperien\u00e7a plata (The Flat Experience)<\/em>.<\/p>\n<p>C\u2019est une sole commune accroch\u00e9e, par dessin, \u00e0 la verticale, qui nous accueille. Cet animal, aux faces dissemblables, nageant sur le c\u00f4t\u00e9, dont la partie sup\u00e9rieure, pigment\u00e9e, est d\u2019une nature mimant son environnement pour s\u2019y confondre, appara\u00eet comme le parfait ambassadeur de cette cr\u00e9ation artistique et de son rapport au r\u00e9el. Comme vous l\u2019avez certainement vu, entendu et remarqu\u00e9, cette \u0153uvre vient usiner, affleurer le r\u00e9el pour en extraire le plus fin des copeaux. Rien \u00e0 voir, \u00e0 faire avec le minimalisme, si r\u00e9pandu, qui laisse supposer que par \u00e9conomie d\u2019expression une puret\u00e9, un absolu est \u00e0 port\u00e9e d\u2019\u0153uvre. Non, \u00e7a, Lagalla, \u00e7a le fait sourire. C\u2019est ce m\u00eame sourire qu\u2019il doit arborer lorsqu\u2019il cr\u00e9e \u00e0 l\u2019ombre des p\u00e2querettes, comme il aime si bien le dire.<\/p>\n<p>Allez, suivons la sole, embarquons ! Ici vous \u00eates \u00e0 bord d\u2019un v\u00e9hicule \u00e0 moteur pour <em>voyage aller-aller \u00e0 longue distance ex. : Nice-Nice<\/em>. Vous serez accompagn\u00e9s de l\u2019<em>\u00c9ternel D\u00e9part gymnaste club<\/em> et de l\u2019<em>olympique du Point de Non Retour<\/em>. Tout au long de ce parcours vous croiserez l\u2019artiste par le biais de l\u2019autoportrait. Dans cette pratique, o\u00f9 le sujet se produit lui-m\u00eame, o\u00f9 le propre, l\u2019idiot, dans une cr\u00e9ation endog\u00e8ne, se figure, Lagalla r\u00e9gale.<\/p>\n<p>Dans un premier temps, \u00e0 la H\u00e9raclite, c\u2019est un \u00ab lui \u00bb enfant au milieu du fleuve,<em> le voyage dans le temps, c\u2019est difficile<\/em>, puis le revoil\u00e0 avec stupeur se rappelant le moment o\u00f9 il compris qu\u2019il \u00e9tait lui. Dans un trompe-l\u2019\u0153il permanent, et plus si affinit\u00e9s, nomm\u00e9 fuck-simil\u00e9 par l\u2019artiste, \u00e0 l\u2019instar de la sole,\u00a0il ne cesse par mim\u00e9tisme de se confondre avec son environnement.<\/p>\n<p>L\u2019original est une copie comme les autres, quel plaisir de le constater devant la fac\u00e9tieuse reproduction picturale d\u2019une planche de bois, <em>sans titre (noeud-noeud)<\/em>, puis c\u00e9dant au faux du faux, \u00e7a sera la peinture d\u2019une table en Formica imitation bois qui permettra d\u2019introduire, \u00e0 nouveau, au sein de l\u2019\u0153uvre, l\u2019outil burlesque p\u00e2tissier, <em>tarte \u00e0 la cr\u00e8me (en pr\u00e9vision de) \/ Creampie (In Advance Of)<\/em>. Attention \u00e7a glisse ! Revenons \u00e0 la sole, commune, Solea Solea, ce terme, ici redoubl\u00e9, qui, chez les Romains, d\u00e9signait la sandale. C\u2019est depuis cette infime \u00e9paisseur s\u00e9parant l\u2019\u00eatre du sol, cette tranche entre ce qui aurait d\u00fb \u00eatre et ce qui n\u2019a pas \u00e9t\u00e9, que l\u2019artiste, dans une heuristique continue, op\u00e8re, et met \u00e0 jour un monde r\u00e9el cr\u00e9\u00e9 par l\u2019esprit qui envahit le monde des choses.<\/p>\n<p>Ainsi cr\u00e2nement, depuis son atelier, l\u2019artiste questionne tout ce qui l\u2019entoure. Ici, il ne s\u2019agit pas du coquet emploi de la mise en ab\u00eeme, mais d\u2019une interrogation sur la nature des choses et sa capacit\u00e9 \u00e0 produire artistiquement du r\u00e9el. Vue de l\u2019atelier, face au <em>podium #1<\/em>, cela nous appara\u00eet tr\u00e8s clair. Par dessus tout cela, au milieu, entre, \u00e0 l\u2019int\u00e9rieur, il y a la parole, pour ne pas dire le verbe, cet artiste et ces choses parlent, tchatchent plus exactement. Dans cette \u0153uvre, les tranches de r\u00f4ti, les lampes, les tables de ping-pong &#8230; dialoguent, se repr\u00e9sentent et se demandent si c\u2019est parce qu\u2019elles sont ainsi qu\u2019elles sont. Enfin, imaginons Lagalla dans la nature, posant son chevalet devant son sujet et peindre, avec une tendre application, une usine \u00e0 gaz. Aller-aller, retirons-nous avec discr\u00e9tion, laissons-le terminer, pr\u00e9parons-nous \u00e0 vivre l\u2019esperien\u00e7a plata et nous allons bien voir ce que nous allons voir.<\/p>\n","protected":false},"excerpt":{"rendered":"<p><strong>Thierry Lagalla<\/strong><br \/>\nL&#039;Esperien&ccedil;a plata (The Flat experience)<\/p>\n","protected":false},"author":1,"featured_media":1925,"comment_status":"closed","ping_status":"closed","template":"","categories":[],"tags":[],"class_list":["post-258","exhibition","type-exhibition","status-publish","has-post-thumbnail","hentry"],"acf":[],"_links":{"self":[{"href":"https:\/\/www.espace-avendre.com\/en\/wp-json\/wp\/v2\/exhibition\/258","targetHints":{"allow":["GET"]}}],"collection":[{"href":"https:\/\/www.espace-avendre.com\/en\/wp-json\/wp\/v2\/exhibition"}],"about":[{"href":"https:\/\/www.espace-avendre.com\/en\/wp-json\/wp\/v2\/types\/exhibition"}],"author":[{"embeddable":true,"href":"https:\/\/www.espace-avendre.com\/en\/wp-json\/wp\/v2\/users\/1"}],"replies":[{"embeddable":true,"href":"https:\/\/www.espace-avendre.com\/en\/wp-json\/wp\/v2\/comments?post=258"}],"wp:featuredmedia":[{"embeddable":true,"href":"https:\/\/www.espace-avendre.com\/en\/wp-json\/wp\/v2\/media\/1925"}],"wp:attachment":[{"href":"https:\/\/www.espace-avendre.com\/en\/wp-json\/wp\/v2\/media?parent=258"}],"wp:term":[{"taxonomy":"category","embeddable":true,"href":"https:\/\/www.espace-avendre.com\/en\/wp-json\/wp\/v2\/categories?post=258"},{"taxonomy":"post_tag","embeddable":true,"href":"https:\/\/www.espace-avendre.com\/en\/wp-json\/wp\/v2\/tags?post=258"}],"curies":[{"name":"wp","href":"https:\/\/api.w.org\/{rel}","templated":true}]}}