{"id":242,"date":"2012-09-14T00:00:00","date_gmt":"2012-09-13T22:00:00","guid":{"rendered":"https:\/\/www.espace-avendre.com\/exhibition\/impermanence-permanence-sabry-tchalgadjieff\/"},"modified":"2021-09-28T08:28:01","modified_gmt":"2021-09-28T06:28:01","slug":"impermanence-permanence-sabry-tchalgadjieff","status":"publish","type":"exhibition","link":"https:\/\/www.espace-avendre.com\/en\/exhibition\/impermanence-permanence-sabry-tchalgadjieff\/","title":{"rendered":"Impermanence \/ Permanence &#8211; Sabry Tchalgadjieff"},"content":{"rendered":"\n<p><strong>Enfermement \/ performance du 07 au 13 septembre<\/strong><\/p>\n\n\n\n<p>Dans la religion bouddhiste, l\u2019impermanence est l\u2019une des trois caract\u00e9ristiques de toute chose. Elle signifie que tout est en perp\u00e9tuel changement. Ce concept impr\u00e8gne de fa\u00e7on constante chaque ph\u00e9nom\u00e8ne. Paradoxalement, l\u2019impermanence s\u2019av\u00e8re donc \u00eatre permanente.<\/p>\n\n\n\n<p>L\u2019exposition de <strong>Sabry Tchalgadjief<\/strong>f \u00e0 l\u2019<strong>Espace \u00c0 VENDRE<\/strong> est travers\u00e9e de ces deux id\u00e9es antagoniques. Allant, au-del\u00e0 du simple accrochage ou de la performance, l\u2019artiste propose une s\u00e9rie d\u2019actions issues de sa perp\u00e9tuelle recherche d\u2019errance introspective.<\/p>\n\n\n\n<p><em>Impermanence \/ permanence<\/em>, proposition \u00e0 deux entr\u00e9es, se d\u00e9roulera aussi en deux temps. Durant trois jours, l\u2019artiste s\u2019enfermera au sein de l\u2019espace d\u2019exposition avec pour seuls mat\u00e9riaux trois ramettes de papiers A4 d\u2019une hauteur \u00e9quivalente \u00e0 la sienne. Muni d\u2019encre de Chine, il tracera inlassablement le mot \u00abART\u00bb sur chacun des feuillets composant ces colonnes. Une fois toute possibilit\u00e9 de r\u00e9p\u00e9tition \u00e9puis\u00e9e, le tas de papier obtenu sera coll\u00e9 sur l\u2019un des murs de la galerie. Face \u00e0 celui-ci, <strong>Tchalgadjieff<\/strong> tracera \u00e0 m\u00eame la paroi les contours d\u2019un mot pour le moment inconnu de tous. <br><br>Ce message sera \u00e9crit au Liquid Light, substance argentique sensible \u00e0 la lumi\u00e8re noircissant au contact du r\u00e9v\u00e9lateur photographique. Trois tirages accompagneront cet ensemble.<\/p>\n\n\n\n<p>C\u2019est donc par la lumi\u00e8re que Sabry Tchalgadjieff aborde l\u2019impermanence et la permanence de l\u2019acte cr\u00e9ateur. Vibrante mais immat\u00e9rielle, comportant en son sein l\u2019ensemble du cercle chromatique, la lumi\u00e8re est le ph\u00e9nom\u00e8ne optique qui r\u00e9v\u00e8le tout en semblant esquiver le regard. Son symbolisme marqu\u00e9 vient rejoindre la gestuelle et le dualisme de la conversation silencieuse d\u00e9velopp\u00e9e par l\u2019artiste.<\/p>\n","protected":false},"excerpt":{"rendered":"<p>\n<em>Impermanence \/ Permanence<\/em><\/p>\n<p><strong>Sabry Tchalgadjieff<\/strong><\/p>\n","protected":false},"author":1,"featured_media":1046,"comment_status":"closed","ping_status":"closed","template":"","categories":[],"tags":[],"class_list":["post-242","exhibition","type-exhibition","status-publish","has-post-thumbnail","hentry"],"acf":[],"_links":{"self":[{"href":"https:\/\/www.espace-avendre.com\/en\/wp-json\/wp\/v2\/exhibition\/242","targetHints":{"allow":["GET"]}}],"collection":[{"href":"https:\/\/www.espace-avendre.com\/en\/wp-json\/wp\/v2\/exhibition"}],"about":[{"href":"https:\/\/www.espace-avendre.com\/en\/wp-json\/wp\/v2\/types\/exhibition"}],"author":[{"embeddable":true,"href":"https:\/\/www.espace-avendre.com\/en\/wp-json\/wp\/v2\/users\/1"}],"replies":[{"embeddable":true,"href":"https:\/\/www.espace-avendre.com\/en\/wp-json\/wp\/v2\/comments?post=242"}],"wp:featuredmedia":[{"embeddable":true,"href":"https:\/\/www.espace-avendre.com\/en\/wp-json\/wp\/v2\/media\/1046"}],"wp:attachment":[{"href":"https:\/\/www.espace-avendre.com\/en\/wp-json\/wp\/v2\/media?parent=242"}],"wp:term":[{"taxonomy":"category","embeddable":true,"href":"https:\/\/www.espace-avendre.com\/en\/wp-json\/wp\/v2\/categories?post=242"},{"taxonomy":"post_tag","embeddable":true,"href":"https:\/\/www.espace-avendre.com\/en\/wp-json\/wp\/v2\/tags?post=242"}],"curies":[{"name":"wp","href":"https:\/\/api.w.org\/{rel}","templated":true}]}}