{"id":8515,"date":"2026-04-29T13:32:19","date_gmt":"2026-04-29T11:32:19","guid":{"rendered":"https:\/\/www.espace-avendre.com\/?post_type=event&#038;p=8515"},"modified":"2026-04-29T13:32:20","modified_gmt":"2026-04-29T11:32:20","slug":"vers-les-etoiles-wood-and-harrison","status":"publish","type":"event","link":"https:\/\/www.espace-avendre.com\/en\/event\/vers-les-etoiles-wood-and-harrison\/","title":{"rendered":"Vers les \u00e9toiles ! &#8211; Wood and Harrison"},"content":{"rendered":"\n<p><strong><a href=\"https:\/\/arpmuseum.org\/ausstellungen\/wechselausstellungen\/vorschau.html\" target=\"_blank\" rel=\"noopener\">ARP MUSEUM<\/a><\/strong>, Bahnhof Rolandseck, Fondation d&#8217;\u00c9tat<br>Hans-Arp-All\u00e9e 1, 53424 Remagen<br>10 juillet 2027 &#8211; 10 janvier 2027<br><br>L&#8217;espace a toujours servi d&#8217;\u00e9cran de projection puissant pour les d\u00e9sirs et les utopies \u2013 face aux crises mondiales, il s\u2019accroche toujours \u00e0 la vision dune existence alternative. <br>\u00c9veil apocalyptique et excentricit\u00e9, la disparition des fronti\u00e8res sera repr\u00e9sent\u00e9e par une centaine d&#8217;\u0153uvres allant de l&#8217;\u00e9poque moderne \u00e0 nos jours.<br>illumin\u00e9s \u2013 notamment Max Ernst, El Lissitzky, Katharina Sieverding, Sophie Taeuber-Arp et Emma Talbot. Un regard vers l&#8217;espace r\u00e9v\u00e8le des merveilles cosmiques. Nos r\u00eaves deviennent le reflet de notre pr\u00e9sent et de notre avenir.<\/p>\n\n\n\n<p>Au d\u00e9but du XXe si\u00e8cle, la fin du monde semblait imminente. La loi de Halley, la com\u00e8te et sa collision redout\u00e9e avec la Terre ont suscit\u00e9 des craintes et des aspirations. Des aspirations florissantes face \u00e0 la technologisation et \u00e0 la rationalisation.<\/p>\n\n\n\n<p>La projection du terrestre dans l&#8217;espace s&#8217;est multipli\u00e9e dans les arts. En th\u00e9orie, Il \u00e9tait devenu concevable de voyager dans l&#8217;espace, gr\u00e2ce aux connaissances en astronomie qui s&#8217;est intensifi\u00e9e de fa\u00e7on exponentielle.<\/p>\n\n\n\n<p>Depuis les ann\u00e9es 1980, des voix critiques se sont \u00e9lev\u00e9es concernant ce qui semblait les possibilit\u00e9s illimit\u00e9es des voyages spatiaux augmentent sensiblement. <\/p>\n\n\n\n<p>Ce ph\u00e9nom\u00e8ne est contrebalanc\u00e9 par un pessimisme culturel croissant. La prise de conscience de la finitude de nos ressources vitales face \u00e0 l&#8217;hubris humaine et nos \u00e9carts de conduite donnent \u00e9galement lieu \u00e0 de nouveaux discours dans l&#8217;art.<\/p>\n","protected":false},"excerpt":{"rendered":"<p>ARP MUSEUM, Bahnhof Rolandseck, Fondation d&#8217;\u00c9tatHans-Arp-All\u00e9e 1, 53424 Remagen10 juillet 2027 &#8211; 10 janvier 2027 L&#8217;espace a toujours servi d&#8217;\u00e9cran de projection puissant pour les d\u00e9sirs et les utopies \u2013 face aux crises mondiales, il s\u2019accroche toujours \u00e0 la vision dune existence alternative. \u00c9veil apocalyptique et excentricit\u00e9, la disparition des fronti\u00e8res sera repr\u00e9sent\u00e9e par une [&hellip;]<\/p>\n","protected":false},"author":3,"featured_media":8516,"template":"","categories":[],"tags":[],"class_list":["post-8515","event","type-event","status-publish","has-post-thumbnail","hentry"],"acf":[],"_links":{"self":[{"href":"https:\/\/www.espace-avendre.com\/en\/wp-json\/wp\/v2\/event\/8515","targetHints":{"allow":["GET"]}}],"collection":[{"href":"https:\/\/www.espace-avendre.com\/en\/wp-json\/wp\/v2\/event"}],"about":[{"href":"https:\/\/www.espace-avendre.com\/en\/wp-json\/wp\/v2\/types\/event"}],"author":[{"embeddable":true,"href":"https:\/\/www.espace-avendre.com\/en\/wp-json\/wp\/v2\/users\/3"}],"wp:featuredmedia":[{"embeddable":true,"href":"https:\/\/www.espace-avendre.com\/en\/wp-json\/wp\/v2\/media\/8516"}],"wp:attachment":[{"href":"https:\/\/www.espace-avendre.com\/en\/wp-json\/wp\/v2\/media?parent=8515"}],"wp:term":[{"taxonomy":"category","embeddable":true,"href":"https:\/\/www.espace-avendre.com\/en\/wp-json\/wp\/v2\/categories?post=8515"},{"taxonomy":"post_tag","embeddable":true,"href":"https:\/\/www.espace-avendre.com\/en\/wp-json\/wp\/v2\/tags?post=8515"}],"curies":[{"name":"wp","href":"https:\/\/api.w.org\/{rel}","templated":true}]}}