{"id":8344,"date":"2026-01-20T17:17:12","date_gmt":"2026-01-20T16:17:12","guid":{"rendered":"https:\/\/www.espace-avendre.com\/?post_type=event&#038;p=8344"},"modified":"2026-03-28T12:50:25","modified_gmt":"2026-03-28T11:50:25","slug":"drawing-now-2026","status":"publish","type":"event","link":"https:\/\/www.espace-avendre.com\/en\/event\/drawing-now-2026\/","title":{"rendered":"Drawing Now 2026"},"content":{"rendered":"\n<p>\u00a0<strong>Drawing Now Paris 2026 <\/strong>&#8211; 17e participation \u2013 Carreau du Temple\u00a0<br><br>Avec :<br>Focus : <strong>Thierry Lagalla<\/strong><br>et <strong>Julien Beneyton, B\u00e9atrice Celli, Yannick Cosso, David Dalla Venezia, No\u00ebl Dolla, Maxime Duveau, Jean-Baptiste Ganne, Alice Gauthier, Tom Giampi\u00e9ri, J\u00e9r\u00e9my Grifffaud, Arnaud Labelle-Rojoux, Thierry Lagalla, C\u00e9line Marin, Filip Markievitz, Tom de Pekin, Emmanuel R\u00e9gent, Jean-Philippe Roubaud, Karine Rougier, Lionel Sabatt\u00e9, Lionel Scoccimaro, Quentin Spohn, St\u00e9phane Steiner, C\u00e9dric Teisseire, Emeli Theander, Selma Thies, Valentine Trassy, Jean-Luc Verna, Egl\u00e9 Vismant\u00e9, Wood and Harrison.<\/strong><br><br><a href=\"https:\/\/www.drawingnowparis.com\/exposants\/espace-a-vendre\/\" target=\"_blank\" rel=\"noopener\"><strong>https:\/\/www.drawingnowparis.com\/exposants\/espace-a-vendre\/<\/strong><\/a><\/p>\n\n\n\n<p>Pour l\u2019\u00e9dition 2026 de Drawing Now, Espace \u00e0 Vendre adopte le A4, format modeste et universel. Pour c\u00e9l\u00e9brer ses vingt ans, la galerie offre \u00e0 tous les artistes convi\u00e9s ce format unique, espace commun o\u00f9 chaque geste et chaque id\u00e9e peuvent se d\u00e9ployer avec intensit\u00e9.&nbsp;<\/p>\n\n\n\n<p>Comme chez <strong>Thierry Lagalla<\/strong>, pr\u00e9sent d\u00e8s les d\u00e9buts de la galerie et qui sera <strong>le fil rouge de cette monstration<\/strong>, cette surface commune devient un espace de pens\u00e9e et d&#8217;humour, un champ d&#8217;exploration o\u00f9 le geste le plus simple r\u00e9v\u00e8le la complexit\u00e9 du monde. Format trivial par excellence, dont les dimensions, par photocopies et impressions interpos\u00e9es, se sont grav\u00e9es dans notre m\u00e9moire collective, le A4 est pour lui une mani\u00e8re d&#8217;habiter le r\u00e9el par le dessin. Il y trouve le lieu id\u00e9al d&#8217;une qu\u00eate continue, o\u00f9 tout peut devenir forme, signe ou jeu. Dans cette pratique l\u00e9g\u00e8re et profonde \u00e0 la fois, le quotidien se change en espace po\u00e9tique et r\u00e9flexif.&nbsp;<\/p>\n\n\n\n<p>Le A4 devient ainsi plus qu&#8217;un format : un espace de libert\u00e9, de rencontre et de m\u00e9morisation. Chaque trace dialogue avec les autres, parfois en r\u00e9sonance, parfois en contraste, tissant un r\u00e9seau silencieux entre gestes et intentions. Les oeuvres se r\u00e9pondent, se compl\u00e8tent ou se questionnent mutuellement, offrant au regard une lecture mouvante et attentive, o\u00f9 l&#8217;individuel et le collectif se confondent subtilement. Autour de ce format, la galerie r\u00e9unit des artistes de toutes g\u00e9n\u00e9rations, fid\u00e8les ou plus r\u00e9centes, dont les oeuvres se confrontent et se r\u00e9pondent dans une grande diversit\u00e9 de propositions. Certains prennent le dessin comme simple esquisse, point de d\u00e9part de sculptures ou de multiples projets,&nbsp;<\/p>\n","protected":false},"excerpt":{"rendered":"<p>\u00a0Drawing Now Paris 2026 &#8211; 17e participation \u2013 Carreau du Temple\u00a0 Avec :Focus : Thierry Lagallaet Julien Beneyton, B\u00e9atrice Celli, Yannick Cosso, David Dalla Venezia, No\u00ebl Dolla, Maxime Duveau, Jean-Baptiste Ganne, Alice Gauthier, Tom Giampi\u00e9ri, J\u00e9r\u00e9my Grifffaud, Arnaud Labelle-Rojoux, Thierry Lagalla, C\u00e9line Marin, Filip Markievitz, Tom de Pekin, Emmanuel R\u00e9gent, Jean-Philippe Roubaud, Karine Rougier, Lionel [&hellip;]<\/p>\n","protected":false},"author":3,"featured_media":8483,"template":"","categories":[44],"tags":[],"class_list":["post-8344","event","type-event","status-publish","has-post-thumbnail","hentry","category-exposition-collective"],"acf":[],"_links":{"self":[{"href":"https:\/\/www.espace-avendre.com\/en\/wp-json\/wp\/v2\/event\/8344","targetHints":{"allow":["GET"]}}],"collection":[{"href":"https:\/\/www.espace-avendre.com\/en\/wp-json\/wp\/v2\/event"}],"about":[{"href":"https:\/\/www.espace-avendre.com\/en\/wp-json\/wp\/v2\/types\/event"}],"author":[{"embeddable":true,"href":"https:\/\/www.espace-avendre.com\/en\/wp-json\/wp\/v2\/users\/3"}],"wp:featuredmedia":[{"embeddable":true,"href":"https:\/\/www.espace-avendre.com\/en\/wp-json\/wp\/v2\/media\/8483"}],"wp:attachment":[{"href":"https:\/\/www.espace-avendre.com\/en\/wp-json\/wp\/v2\/media?parent=8344"}],"wp:term":[{"taxonomy":"category","embeddable":true,"href":"https:\/\/www.espace-avendre.com\/en\/wp-json\/wp\/v2\/categories?post=8344"},{"taxonomy":"post_tag","embeddable":true,"href":"https:\/\/www.espace-avendre.com\/en\/wp-json\/wp\/v2\/tags?post=8344"}],"curies":[{"name":"wp","href":"https:\/\/api.w.org\/{rel}","templated":true}]}}