{"id":8278,"date":"2025-10-19T00:36:05","date_gmt":"2025-10-18T22:36:05","guid":{"rendered":"https:\/\/www.espace-avendre.com\/?post_type=event&#038;p=8278"},"modified":"2025-10-19T00:36:05","modified_gmt":"2025-10-18T22:36:05","slug":"quentin-spohn-la-chapelle-botanique","status":"publish","type":"event","link":"https:\/\/www.espace-avendre.com\/en\/event\/quentin-spohn-la-chapelle-botanique\/","title":{"rendered":"Quentin Spohn &#8211; La chapelle botanique"},"content":{"rendered":"\n<p><br><strong>Exposition sortie de r\u00e9sidence &#8220;la chapelle botanique&#8221; par Quentin Spohn.<\/strong><\/p>\n\n\n\n<p><strong>18 octobre au 29 novembre 2025 \u00e0 la chapelle de la m\u00e9diath\u00e8que d&#8217;Uz\u00e8s.<\/strong><\/p>\n\n\n\n<p>Accueilli en r\u00e9sidence \u00e0 la chapelle de la m\u00e9diath\u00e8que, l\u2019artiste <strong>Quentin Spohn<\/strong> pr\u00e9sente un dessin immersif qui dialogue avec l\u2019espace architectural du lieu \u00e0 la villa Arson \u00e0 Nice dont il sort dipl\u00f4m\u00e9 en 2013, il r\u00eavait d\u2019\u00eatre peintre. Il se tournera finalement vers le dessin et l\u2019installation, de pr\u00e9f\u00e9rence XXL. \u00c0 l\u2019issue de la premi\u00e8re p\u00e9riode, l\u2019artiste a fait un point sur l\u2019avancement de son projet. &#8220;<em>Je fais un dessin immersif. La chapelle devient une \u0153uvre \u00e0 part enti\u00e8re o\u00f9 l\u2019ensemble est recouvert de dessins (murs, sol fen\u00eatres). L\u2019id\u00e9e est que quand on rentre dans la chapelle, on rentre dans un autre espace qui renvoie \u00e0 un type d\u2019iconographies, qui peut \u00eatre des repr\u00e9sentations naturelles dans le jeu vid\u00e9o ou des repr\u00e9sentations pluralistes puisqu\u2019il y a toute une base de documentation autour du jardin m\u00e9di\u00e9val. J\u2019ai fait des photos de motifs naturels et j\u2019ai aussi une documentation de repr\u00e9sentations naturelles des gorges du Gardon. Avec \u00e7a je constitue un paysage fictif qui se nourrit de r\u00e9f\u00e9rences picturales. Je fais des clins d\u2019\u0153il \u00e0 certaines peintures par exemple, de Delacroix et Rosa Bonheur. Le lien entre culture populaire et histoire de l\u2019art m\u2019int\u00e9resse. Dans les jeux des ann\u00e9es 90 on retrouve une forme de platitude avec des \u00e9l\u00e9ments superpos\u00e9s. C\u2019est quelque chose qui me nourrit et peut m\u2019inspirer la composition.&#8221;\u00a0<\/em>Pour lui, il est important qu\u2019il n\u2019y ait pas d\u2019id\u00e9e pr\u00e9con\u00e7ue pour pouvoir s\u2019inspirer du lieu de la r\u00e9sidence. &#8220;<em>C\u2019est un dessin qui s\u2019\u00e9labore au jour le jour. Il y a quelque chose de l\u2019ordre du rebond. Je fais quelque chose qui m\u2019am\u00e8ne \u00e0 faire autre chose.&#8221;<\/em><\/p>\n","protected":false},"excerpt":{"rendered":"<p>Exposition sortie de r\u00e9sidence &#8220;la chapelle botanique&#8221; par Quentin Spohn. 18 octobre au 29 novembre 2025 \u00e0 la chapelle de la m\u00e9diath\u00e8que d&#8217;Uz\u00e8s. Accueilli en r\u00e9sidence \u00e0 la chapelle de la m\u00e9diath\u00e8que, l\u2019artiste Quentin Spohn pr\u00e9sente un dessin immersif qui dialogue avec l\u2019espace architectural du lieu \u00e0 la villa Arson \u00e0 Nice dont il sort [&hellip;]<\/p>\n","protected":false},"author":3,"featured_media":8279,"template":"","categories":[],"tags":[],"class_list":["post-8278","event","type-event","status-publish","has-post-thumbnail","hentry"],"acf":[],"_links":{"self":[{"href":"https:\/\/www.espace-avendre.com\/en\/wp-json\/wp\/v2\/event\/8278","targetHints":{"allow":["GET"]}}],"collection":[{"href":"https:\/\/www.espace-avendre.com\/en\/wp-json\/wp\/v2\/event"}],"about":[{"href":"https:\/\/www.espace-avendre.com\/en\/wp-json\/wp\/v2\/types\/event"}],"author":[{"embeddable":true,"href":"https:\/\/www.espace-avendre.com\/en\/wp-json\/wp\/v2\/users\/3"}],"wp:featuredmedia":[{"embeddable":true,"href":"https:\/\/www.espace-avendre.com\/en\/wp-json\/wp\/v2\/media\/8279"}],"wp:attachment":[{"href":"https:\/\/www.espace-avendre.com\/en\/wp-json\/wp\/v2\/media?parent=8278"}],"wp:term":[{"taxonomy":"category","embeddable":true,"href":"https:\/\/www.espace-avendre.com\/en\/wp-json\/wp\/v2\/categories?post=8278"},{"taxonomy":"post_tag","embeddable":true,"href":"https:\/\/www.espace-avendre.com\/en\/wp-json\/wp\/v2\/tags?post=8278"}],"curies":[{"name":"wp","href":"https:\/\/api.w.org\/{rel}","templated":true}]}}