{"id":8107,"date":"2025-05-05T21:37:31","date_gmt":"2025-05-05T19:37:31","guid":{"rendered":"https:\/\/www.espace-avendre.com\/?post_type=event&#038;p=8107"},"modified":"2025-05-05T21:41:08","modified_gmt":"2025-05-05T19:41:08","slug":"thepowerplant-jeremy-griffaud","status":"publish","type":"event","link":"https:\/\/www.espace-avendre.com\/en\/event\/thepowerplant-jeremy-griffaud\/","title":{"rendered":"ThePowerPlant &#8211; Jeremy Griffaud"},"content":{"rendered":"\n<h1 class=\"wp-block-heading\"><br><br>Sortie de r\u00e9sidence de J\u00e9r\u00e9my Griffaud, <a href=\"https:\/\/xr2c2.univ-cotedazur.fr\/sortie-de-residence-jeremy-griffaud-thepowerplant\" target=\"_blank\" rel=\"noopener\"><strong>ThePowerPlant<\/strong><\/a><\/h1>\n\n\n\n<p id=\"resume\">D\u00e9couvrez le projet &#8220;<a href=\"https:\/\/xr2c2.univ-cotedazur.fr\/sortie-de-residence-jeremy-griffaud-thepowerplant\" target=\"_blank\" rel=\"noopener\"><strong>ThePowerPlant<\/strong><\/a>&#8220;, un voyage immersif entre peinture et r\u00e9alit\u00e9 virtuelle, lors de la sortie de r\u00e9sidence de J\u00e9r\u00e9my Griffaud le 30 avril 2025 au campus Georges M\u00e9li\u00e8s.<\/p>\n\n\n\n<p>La pr\u00e9sentation de J\u00e9r\u00e9my Griffaud a lieu\u00a0<strong>le 30 avril \u00e0 14h au <a href=\"https:\/\/univ-cotedazur.fr\/vie-des-campus\/visite-des-campus\/campus-universitaire-de-cannes-bastide-rouge\" target=\"_blank\" rel=\"noopener\">campus Georges M\u00e9li\u00e8s<\/a><\/strong>.\u00a0<br><br>L&#8217;oeuvre de l&#8217;artiste est visible les\u00a0<strong>30 avril, 5 et 6 mai de 11h \u00e0 17h00<\/strong>.\u00a0<br><br><em>L&#8217;\u00e9v\u00e8nement est\u00a0<strong>ouvert \u00e0 tous<\/strong>, \u00e9tudiants et personnels, et sans inscription ! Venez nombreux !<\/em><br>\u00a0<\/p>\n\n\n\n<h3 class=\"wp-block-heading\"><strong>R\u00e9sum\u00e9 du projet&nbsp;<\/strong><\/h3>\n\n\n\n<p>Plongez dans un univers de science-fiction unique o\u00f9 l&#8217;art traditionnel rencontre la technologie num\u00e9rique. The PowerPlant, cinqui\u00e8me chapitre de la s\u00e9rie The Origin of Things, transforme une peinture aquarelle en une exp\u00e9rience interactive en trois dimensions.<\/p>\n\n\n\n<p>Dans cette installation artistique, les visiteurs sont invit\u00e9s \u00e0 explorer un monde virtuel divis\u00e9 en sept zones myst\u00e9rieuses. Chaque zone pr\u00e9sente ses propres d\u00e9fis : \u00e9nigmes \u00e0 r\u00e9soudre, obstacles \u00e0 franchir, interfaces myst\u00e9rieuses \u00e0 manipuler et rituels collectifs \u00e0 accomplir. L&#8217;aventure se d\u00e9roule au c\u0153ur d&#8217;un environnement enti\u00e8rement cr\u00e9\u00e9 \u00e0 partir d&#8217;aquarelles num\u00e9ris\u00e9es, offrant une esth\u00e9tique singuli\u00e8re et po\u00e9tique.<\/p>\n\n\n\n<p>L&#8217;exp\u00e9rience est magnifi\u00e9e par un dispositif de projection innovant : des cam\u00e9ras virtuelles, activ\u00e9es par les mouvements des joueurs, capturent leur progression et projettent les images autour d&#8217;une fresque murale. Gr\u00e2ce \u00e0 la technique du mapping vid\u00e9o, ces projections s&#8217;entrem\u00ealent harmonieusement avec les peintures existantes, cr\u00e9ant une symphonie visuelle o\u00f9 r\u00e9el et virtuel se confondent.<\/p>\n\n\n\n<p>Cette \u0153uvre hybride, qui fait suite au r\u00e9cent chapitre The Garden, repousse les fronti\u00e8res entre les m\u00e9diums artistiques traditionnels et num\u00e9riques, offrant aux spectateurs une exp\u00e9rience immersive unique en son genre.<\/p>\n","protected":false},"excerpt":{"rendered":"<p>Sortie de r\u00e9sidence de J\u00e9r\u00e9my Griffaud, ThePowerPlant D\u00e9couvrez le projet &#8220;ThePowerPlant&#8220;, un voyage immersif entre peinture et r\u00e9alit\u00e9 virtuelle, lors de la sortie de r\u00e9sidence de J\u00e9r\u00e9my Griffaud le 30 avril 2025 au campus Georges M\u00e9li\u00e8s. La pr\u00e9sentation de J\u00e9r\u00e9my Griffaud a lieu\u00a0le 30 avril \u00e0 14h au campus Georges M\u00e9li\u00e8s.\u00a0 L&#8217;oeuvre de l&#8217;artiste est [&hellip;]<\/p>\n","protected":false},"author":3,"featured_media":8108,"template":"","categories":[],"tags":[],"class_list":["post-8107","event","type-event","status-publish","has-post-thumbnail","hentry"],"acf":[],"_links":{"self":[{"href":"https:\/\/www.espace-avendre.com\/en\/wp-json\/wp\/v2\/event\/8107","targetHints":{"allow":["GET"]}}],"collection":[{"href":"https:\/\/www.espace-avendre.com\/en\/wp-json\/wp\/v2\/event"}],"about":[{"href":"https:\/\/www.espace-avendre.com\/en\/wp-json\/wp\/v2\/types\/event"}],"author":[{"embeddable":true,"href":"https:\/\/www.espace-avendre.com\/en\/wp-json\/wp\/v2\/users\/3"}],"wp:featuredmedia":[{"embeddable":true,"href":"https:\/\/www.espace-avendre.com\/en\/wp-json\/wp\/v2\/media\/8108"}],"wp:attachment":[{"href":"https:\/\/www.espace-avendre.com\/en\/wp-json\/wp\/v2\/media?parent=8107"}],"wp:term":[{"taxonomy":"category","embeddable":true,"href":"https:\/\/www.espace-avendre.com\/en\/wp-json\/wp\/v2\/categories?post=8107"},{"taxonomy":"post_tag","embeddable":true,"href":"https:\/\/www.espace-avendre.com\/en\/wp-json\/wp\/v2\/tags?post=8107"}],"curies":[{"name":"wp","href":"https:\/\/api.w.org\/{rel}","templated":true}]}}