{"id":157,"date":"2021-08-12T11:14:02","date_gmt":"2021-08-12T09:14:02","guid":{"rendered":"https:\/\/www.espace-avendre.com\/artist\/eva-medin\/"},"modified":"2022-06-13T14:42:08","modified_gmt":"2022-06-13T12:42:08","slug":"eva-medin","status":"publish","type":"artist","link":"https:\/\/www.espace-avendre.com\/en\/artist\/eva-medin\/","title":{"rendered":"Eva Medin"},"content":{"rendered":"\n<p><\/p>\n\n\n\n<p><\/p>\n\n\n\n<p><strong>Eva Medin<\/strong> est une artiste fran\u00e7aise n\u00e9e en 1988 \u00e0 Rio de Janeiro.<\/p>\n\n\n\n<p><\/p>\n\n\n\n<p><\/p>\n\n\n\n<p><\/p>\n\n\n\n<p><a href=\"https:\/\/palaisdetokyo.com\/exposition\/eva-medin\/\" target=\"_blank\" rel=\"noopener\">LES AUBES CHIM\u00c9RIQUES &#8211; SOLO SHOW &#8211; PALAIS DE TOKYO<\/a><\/p>\n\n\n\n<p>DU 14 AVRIL AU 12 JUIN<\/p>\n\n\n\n<p>Les aubes chim\u00e9riques fait suite au Prix d\u00e9cern\u00e9 par les Amis du <strong><a href=\"https:\/\/palaisdetokyo.com\/personne\/eva-medin\/\" target=\"_blank\" rel=\"noreferrer noopener\">Palais de Tokyo<\/a><\/strong>, dont <strong>Eva Medin<\/strong> a \u00e9t\u00e9 laur\u00e9ate en 2020. L\u2019artiste y r\u00e9investit la relation entre diff\u00e9rents arch\u00e9types issus de r\u00e9cits d\u2019anticipation et de croyances animistes. Elle nous plonge dans un paysage envisag\u00e9 comme la formalisation d\u2019un temps et d\u2019un espace refl\u00e9tant un \u00e9tat d\u2019esprit, pour reprendre J. G. Ballard.<\/p>\n\n\n\n<p>L\u2019intention sc\u00e9nographique et l\u2019emploi de mat\u00e9riaux emprunt\u00e9s aux trucages cin\u00e9matographiques composent ici un tableau polyphonique&nbsp;: engag\u00e9 dans cette immersion, le public s\u2019enfonce dans les strates d\u2019une histoire g\u00e9ologique fictionnelle, et devient, par contamination, une entit\u00e9 parmi celles peuplant l\u2019espace d\u2019exposition.<\/p>\n\n\n\n<p>Pour cette exposition, la puissance du sublime en tant que plaisir m\u00eal\u00e9 d\u2019effroi appelle \u00e0 une reconstitution de la conscience du monde, une tentative pour se relocaliser et reprendre pied sur Terre. Composite, \u00e0 la fois v\u00e9g\u00e9tal et architecture, r\u00e8gne rud\u00e9ral et nouvel \u00e2ge du m\u00e9tal, fluctuant sans jamais se couler d\u00e9finitivement dans aucune condition, chacune des chim\u00e8res pr\u00e9sent\u00e9es ici ouvre \u00e0 une reliaison du physique \u00e0 l\u2019immat\u00e9riel, de la Terre au cosmos. En revisitant les imaginaires de la mutation et de la m\u00e9tamorphose, Eva Medin propose des repr\u00e9sentations autres, entrela\u00e7ant corps et sculpture, terrestre et sacr\u00e9, pass\u00e9 et futur. Si un monde nouveau \u00e9tait appel\u00e9 \u00e0 na\u00eetre, quelles seraient les formes de vie fondamentale qui pourraient y appara\u00eetre&nbsp;?<\/p>\n\n\n\n<p>Commissaire :\u00a0<a href=\"https:\/\/www.instagram.com\/jeanchristophearcos\/\" target=\"_blank\" rel=\"noopener\">@jeanchristophearcos<\/a><\/p>\n\n\n\n<p><\/p>\n\n\n\n<p><\/p>\n","protected":false},"excerpt":{"rendered":"<p>Eva Medin est une artiste fran\u00e7aise n\u00e9e en 1988 \u00e0 Rio de Janeiro. LES AUBES CHIM\u00c9RIQUES &#8211; SOLO SHOW &#8211; PALAIS DE TOKYO DU 14 AVRIL AU 12 JUIN Les aubes chim\u00e9riques fait suite au Prix d\u00e9cern\u00e9 par les Amis du Palais de Tokyo, dont Eva Medin a \u00e9t\u00e9 laur\u00e9ate en 2020. L\u2019artiste y r\u00e9investit [&hellip;]<\/p>\n","protected":false},"author":1,"featured_media":0,"template":"","categories":[],"tags":[],"class_list":["post-157","artist","type-artist","status-publish","hentry"],"acf":[],"_links":{"self":[{"href":"https:\/\/www.espace-avendre.com\/en\/wp-json\/wp\/v2\/artist\/157","targetHints":{"allow":["GET"]}}],"collection":[{"href":"https:\/\/www.espace-avendre.com\/en\/wp-json\/wp\/v2\/artist"}],"about":[{"href":"https:\/\/www.espace-avendre.com\/en\/wp-json\/wp\/v2\/types\/artist"}],"author":[{"embeddable":true,"href":"https:\/\/www.espace-avendre.com\/en\/wp-json\/wp\/v2\/users\/1"}],"wp:attachment":[{"href":"https:\/\/www.espace-avendre.com\/en\/wp-json\/wp\/v2\/media?parent=157"}],"wp:term":[{"taxonomy":"category","embeddable":true,"href":"https:\/\/www.espace-avendre.com\/en\/wp-json\/wp\/v2\/categories?post=157"},{"taxonomy":"post_tag","embeddable":true,"href":"https:\/\/www.espace-avendre.com\/en\/wp-json\/wp\/v2\/tags?post=157"}],"curies":[{"name":"wp","href":"https:\/\/api.w.org\/{rel}","templated":true}]}}